{"id":522,"date":"2015-12-11T19:51:49","date_gmt":"2015-12-12T00:51:49","guid":{"rendered":"https:\/\/stemeric.com\/hu\/?page_id=522"},"modified":"2016-01-13T15:26:56","modified_gmt":"2016-01-13T20:26:56","slug":"tagfelvetel","status":"publish","type":"page","link":"https:\/\/stemeric.com\/hu\/tagfelvetel\/","title":{"rendered":"Tagfelv\u00e9tel"},"content":{"rendered":"<p style=\"text-align: justify;\">A Szent Imre templom 112 \u00e9ves az idei esztend\u0151ben. Ezt a t\u00f6bb mint egy\u00a0\u00e9vsz\u00e1zadot az\u00e9rt \u00e9rhette meg templomunk, mert a magyarok sz\u00e1m\u00e1ra fontos, hogy tartozzanak egy olyan k\u00f6z\u00f6ss\u00e9ghez,\u00a0amelyben, mint egy nagy csal\u00e1dban \u00e9rezhetik magukat. B\u00e1tor\u00edtom kedves\u00a0testv\u00e9reimet, hogy szem\u00e9lyes tags\u00e1g\u00e1val is er\u0151s\u00edtse a Szent Imre templomot!<\/p>\n<p style=\"text-align: justify;\">A regisztr\u00e1ci\u00f3s \u00edvet let\u00f6ltheti, amit kit\u00f6ltve elhozhat mag\u00e1val a templomba.\u00a0Tudom, hogy \u00f3ri\u00e1si t\u00e1vols\u00e1gok vannak, de higgy\u00e9k el, ha szak\u00edtanak id\u0151t az \u00dar\u00a0napj\u00e1nak megszentel\u00e9s\u00e9re, f\u0151leg \u00e9des anyanyelv\u00fcnk\u00f6n, az lelkileg sokkal\u00a0felemel\u0151bb.<\/p>\n<p style=\"text-align: justify;\">Szeretettel v\u00e1rjuk a Szent Imr\u00e9be!<\/p>\n<p><a href=\"https:\/\/stemeric.com\/wp-content\/uploads\/2015\/12\/Szt-Imre-Registration-Form.pdf\" target=\"_blank\" rel=\"\">A regisztr\u00e1ci\u00f3s \u00edv let\u00f6lt\u00e9se<\/a><\/p>\n<p><a href=\"https:\/\/i0.wp.com\/stemeric.com\/wp-content\/uploads\/2015\/12\/Szt-Imre-Registration-Form.jpg?ssl=1\" rel=\"attachment wp-att-329\"><img data-recalc-dims=\"1\" decoding=\"async\" class=\"aligncenter size-large wp-image-329 lazyload\" data-src=\"https:\/\/i0.wp.com\/stemeric.com\/wp-content\/uploads\/2015\/12\/Szt-Imre-Registration-Form.jpg?resize=618%2C800&#038;ssl=1\" alt=\"Szt Imre Registration Form\" width=\"618\" height=\"800\" data-srcset=\"https:\/\/i0.wp.com\/stemeric.com\/wp-content\/uploads\/2015\/12\/Szt-Imre-Registration-Form.jpg?w=618&amp;ssl=1 618w, https:\/\/i0.wp.com\/stemeric.com\/wp-content\/uploads\/2015\/12\/Szt-Imre-Registration-Form.jpg?resize=232%2C300&amp;ssl=1 232w, https:\/\/i0.wp.com\/stemeric.com\/wp-content\/uploads\/2015\/12\/Szt-Imre-Registration-Form.jpg?resize=768%2C994&amp;ssl=1 768w\" data-sizes=\"(max-width: 618px) 100vw, 618px\" src=\"data:image\/svg+xml;base64,PHN2ZyB3aWR0aD0iMSIgaGVpZ2h0PSIxIiB4bWxucz0iaHR0cDovL3d3dy53My5vcmcvMjAwMC9zdmciPjwvc3ZnPg==\" style=\"--smush-placeholder-width: 618px; --smush-placeholder-aspect-ratio: 618\/800;\" \/><\/a><\/p>\n","protected":false},"excerpt":{"rendered":"<p>A Szent Imre templom 112 \u00e9ves az idei esztend\u0151ben. Ezt a t\u00f6bb mint egy\u00a0\u00e9vsz\u00e1zadot az\u00e9rt \u00e9rhette meg templomunk, mert a magyarok sz\u00e1m\u00e1ra fontos, hogy tartozzanak egy olyan k\u00f6z\u00f6ss\u00e9ghez,\u00a0amelyben, mint egy nagy csal\u00e1dban \u00e9rezhetik magukat. B\u00e1tor\u00edtom kedves\u00a0testv\u00e9reimet, hogy szem\u00e9lyes tags\u00e1g\u00e1val is er\u0151s\u00edtse a Szent Imre templomot! A regisztr\u00e1ci\u00f3s \u00edvet let\u00f6ltheti, amit kit\u00f6ltve elhozhat mag\u00e1val a templomba.\u00a0Tudom, [&hellip;]<\/p>\n","protected":false},"author":2,"featured_media":347,"parent":0,"menu_order":0,"comment_status":"closed","ping_status":"closed","template":"","meta":{"jetpack_post_was_ever_published":false,"footnotes":""},"class_list":["post-522","page","type-page","status-publish","has-post-thumbnail","hentry"],"yoast_head":"<!-- This site is optimized with the Yoast SEO plugin v27.5 - https:\/\/yoast.com\/product\/yoast-seo-wordpress\/ -->\n<title>Tagfelv\u00e9tel - St. Emeric Church<\/title>\n<meta name=\"robots\" content=\"index, follow, max-snippet:-1, max-image-preview:large, max-video-preview:-1\" \/>\n<link rel=\"canonical\" href=\"https:\/\/stemeric.com\/register-to-be-a-parishioner\/\" \/>\n<meta property=\"og:locale\" content=\"hu_HU\" \/>\n<meta property=\"og:type\" content=\"article\" \/>\n<meta property=\"og:title\" content=\"Tagfelv\u00e9tel - St. Emeric Church\" \/>\n<meta property=\"og:description\" content=\"A Szent Imre templom 112 \u00e9ves az idei esztend\u0151ben. Ezt a t\u00f6bb mint egy\u00a0\u00e9vsz\u00e1zadot az\u00e9rt \u00e9rhette meg templomunk, mert a magyarok sz\u00e1m\u00e1ra fontos, hogy tartozzanak egy olyan k\u00f6z\u00f6ss\u00e9ghez,\u00a0amelyben, mint egy nagy csal\u00e1dban \u00e9rezhetik magukat. B\u00e1tor\u00edtom kedves\u00a0testv\u00e9reimet, hogy szem\u00e9lyes tags\u00e1g\u00e1val is er\u0151s\u00edtse a Szent Imre templomot! A regisztr\u00e1ci\u00f3s \u00edvet let\u00f6ltheti, amit kit\u00f6ltve elhozhat mag\u00e1val a templomba.\u00a0Tudom, [&hellip;]\" \/>\n<meta property=\"og:url\" content=\"https:\/\/stemeric.com\/register-to-be-a-parishioner\/\" \/>\n<meta property=\"og:site_name\" content=\"St. Emeric Church\" \/>\n<meta property=\"article:publisher\" content=\"https:\/\/www.facebook.com\/saintemeric\" \/>\n<meta property=\"article:modified_time\" content=\"2016-01-13T20:26:56+00:00\" \/>\n<meta property=\"og:image\" content=\"https:\/\/stemeric.com\/wp-content\/uploads\/2015\/12\/20151224_225859-2.jpg\" \/>\n\t<meta property=\"og:image:width\" content=\"800\" \/>\n\t<meta property=\"og:image:height\" content=\"795\" \/>\n\t<meta property=\"og:image:type\" content=\"image\/jpeg\" \/>\n<meta name=\"twitter:card\" content=\"summary_large_image\" \/>\n<meta name=\"twitter:label1\" content=\"Becs\u00fclt olvas\u00e1si id\u0151\" \/>\n\t<meta name=\"twitter:data1\" content=\"1 perc\" \/>\n<script type=\"application\/ld+json\" class=\"yoast-schema-graph\">{\"@context\":\"https:\\\/\\\/schema.org\",\"@graph\":[{\"@type\":\"WebPage\",\"@id\":\"https:\\\/\\\/stemeric.com\\\/register-to-be-a-parishioner\\\/\",\"url\":\"https:\\\/\\\/stemeric.com\\\/register-to-be-a-parishioner\\\/\",\"name\":\"Tagfelv\u00e9tel - St. Emeric Church\",\"isPartOf\":{\"@id\":\"https:\\\/\\\/stemeric.com\\\/#website\"},\"primaryImageOfPage\":{\"@id\":\"https:\\\/\\\/stemeric.com\\\/register-to-be-a-parishioner\\\/#primaryimage\"},\"image\":{\"@id\":\"https:\\\/\\\/stemeric.com\\\/register-to-be-a-parishioner\\\/#primaryimage\"},\"thumbnailUrl\":\"https:\\\/\\\/i0.wp.com\\\/stemeric.com\\\/wp-content\\\/uploads\\\/2015\\\/12\\\/20151224_225859-2.jpg?fit=800%2C795&ssl=1\",\"datePublished\":\"2015-12-12T00:51:49+00:00\",\"dateModified\":\"2016-01-13T20:26:56+00:00\",\"breadcrumb\":{\"@id\":\"https:\\\/\\\/stemeric.com\\\/register-to-be-a-parishioner\\\/#breadcrumb\"},\"inLanguage\":\"hu\",\"potentialAction\":[{\"@type\":\"ReadAction\",\"target\":[\"https:\\\/\\\/stemeric.com\\\/register-to-be-a-parishioner\\\/\"]}]},{\"@type\":\"ImageObject\",\"inLanguage\":\"hu\",\"@id\":\"https:\\\/\\\/stemeric.com\\\/register-to-be-a-parishioner\\\/#primaryimage\",\"url\":\"https:\\\/\\\/i0.wp.com\\\/stemeric.com\\\/wp-content\\\/uploads\\\/2015\\\/12\\\/20151224_225859-2.jpg?fit=800%2C795&ssl=1\",\"contentUrl\":\"https:\\\/\\\/i0.wp.com\\\/stemeric.com\\\/wp-content\\\/uploads\\\/2015\\\/12\\\/20151224_225859-2.jpg?fit=800%2C795&ssl=1\",\"width\":800,\"height\":795},{\"@type\":\"BreadcrumbList\",\"@id\":\"https:\\\/\\\/stemeric.com\\\/register-to-be-a-parishioner\\\/#breadcrumb\",\"itemListElement\":[{\"@type\":\"ListItem\",\"position\":1,\"name\":\"Home\",\"item\":\"https:\\\/\\\/stemeric.com\\\/hu\\\/\"},{\"@type\":\"ListItem\",\"position\":2,\"name\":\"Tagfelv\u00e9tel\"}]},{\"@type\":\"WebSite\",\"@id\":\"https:\\\/\\\/stemeric.com\\\/#website\",\"url\":\"https:\\\/\\\/stemeric.com\\\/\",\"name\":\"St. Emeric Church\",\"description\":\"Szent Imre R\u00f3mai Katolikus Magyar Egyh\u00e1zk\u00f6zs\u00e9g\",\"publisher\":{\"@id\":\"https:\\\/\\\/stemeric.com\\\/#organization\"},\"potentialAction\":[{\"@type\":\"SearchAction\",\"target\":{\"@type\":\"EntryPoint\",\"urlTemplate\":\"https:\\\/\\\/stemeric.com\\\/?s={search_term_string}\"},\"query-input\":{\"@type\":\"PropertyValueSpecification\",\"valueRequired\":true,\"valueName\":\"search_term_string\"}}],\"inLanguage\":\"hu\"},{\"@type\":\"Organization\",\"@id\":\"https:\\\/\\\/stemeric.com\\\/#organization\",\"name\":\"St. Emeric Church\",\"url\":\"https:\\\/\\\/stemeric.com\\\/\",\"logo\":{\"@type\":\"ImageObject\",\"inLanguage\":\"hu\",\"@id\":\"https:\\\/\\\/stemeric.com\\\/#\\\/schema\\\/logo\\\/image\\\/\",\"url\":\"https:\\\/\\\/stemeric.com\\\/wp-content\\\/uploads\\\/2015\\\/11\\\/SzentImre4.png\",\"contentUrl\":\"https:\\\/\\\/stemeric.com\\\/wp-content\\\/uploads\\\/2015\\\/11\\\/SzentImre4.png\",\"width\":800,\"height\":167,\"caption\":\"St. Emeric Church\"},\"image\":{\"@id\":\"https:\\\/\\\/stemeric.com\\\/#\\\/schema\\\/logo\\\/image\\\/\"},\"sameAs\":[\"https:\\\/\\\/www.facebook.com\\\/saintemeric\"]}]}<\/script>\n<!-- \/ Yoast SEO plugin. -->","yoast_head_json":{"title":"Tagfelv\u00e9tel - St. Emeric Church","robots":{"index":"index","follow":"follow","max-snippet":"max-snippet:-1","max-image-preview":"max-image-preview:large","max-video-preview":"max-video-preview:-1"},"canonical":"https:\/\/stemeric.com\/register-to-be-a-parishioner\/","og_locale":"hu_HU","og_type":"article","og_title":"Tagfelv\u00e9tel - St. Emeric Church","og_description":"A Szent Imre templom 112 \u00e9ves az idei esztend\u0151ben. Ezt a t\u00f6bb mint egy\u00a0\u00e9vsz\u00e1zadot az\u00e9rt \u00e9rhette meg templomunk, mert a magyarok sz\u00e1m\u00e1ra fontos, hogy tartozzanak egy olyan k\u00f6z\u00f6ss\u00e9ghez,\u00a0amelyben, mint egy nagy csal\u00e1dban \u00e9rezhetik magukat. B\u00e1tor\u00edtom kedves\u00a0testv\u00e9reimet, hogy szem\u00e9lyes tags\u00e1g\u00e1val is er\u0151s\u00edtse a Szent Imre templomot! A regisztr\u00e1ci\u00f3s \u00edvet let\u00f6ltheti, amit kit\u00f6ltve elhozhat mag\u00e1val a templomba.\u00a0Tudom, [&hellip;]","og_url":"https:\/\/stemeric.com\/register-to-be-a-parishioner\/","og_site_name":"St. Emeric Church","article_publisher":"https:\/\/www.facebook.com\/saintemeric","article_modified_time":"2016-01-13T20:26:56+00:00","og_image":[{"width":800,"height":795,"url":"https:\/\/stemeric.com\/wp-content\/uploads\/2015\/12\/20151224_225859-2.jpg","type":"image\/jpeg"}],"twitter_card":"summary_large_image","twitter_misc":{"Becs\u00fclt olvas\u00e1si id\u0151":"1 perc"},"schema":{"@context":"https:\/\/schema.org","@graph":[{"@type":"WebPage","@id":"https:\/\/stemeric.com\/register-to-be-a-parishioner\/","url":"https:\/\/stemeric.com\/register-to-be-a-parishioner\/","name":"Tagfelv\u00e9tel - St. Emeric Church","isPartOf":{"@id":"https:\/\/stemeric.com\/#website"},"primaryImageOfPage":{"@id":"https:\/\/stemeric.com\/register-to-be-a-parishioner\/#primaryimage"},"image":{"@id":"https:\/\/stemeric.com\/register-to-be-a-parishioner\/#primaryimage"},"thumbnailUrl":"https:\/\/i0.wp.com\/stemeric.com\/wp-content\/uploads\/2015\/12\/20151224_225859-2.jpg?fit=800%2C795&ssl=1","datePublished":"2015-12-12T00:51:49+00:00","dateModified":"2016-01-13T20:26:56+00:00","breadcrumb":{"@id":"https:\/\/stemeric.com\/register-to-be-a-parishioner\/#breadcrumb"},"inLanguage":"hu","potentialAction":[{"@type":"ReadAction","target":["https:\/\/stemeric.com\/register-to-be-a-parishioner\/"]}]},{"@type":"ImageObject","inLanguage":"hu","@id":"https:\/\/stemeric.com\/register-to-be-a-parishioner\/#primaryimage","url":"https:\/\/i0.wp.com\/stemeric.com\/wp-content\/uploads\/2015\/12\/20151224_225859-2.jpg?fit=800%2C795&ssl=1","contentUrl":"https:\/\/i0.wp.com\/stemeric.com\/wp-content\/uploads\/2015\/12\/20151224_225859-2.jpg?fit=800%2C795&ssl=1","width":800,"height":795},{"@type":"BreadcrumbList","@id":"https:\/\/stemeric.com\/register-to-be-a-parishioner\/#breadcrumb","itemListElement":[{"@type":"ListItem","position":1,"name":"Home","item":"https:\/\/stemeric.com\/hu\/"},{"@type":"ListItem","position":2,"name":"Tagfelv\u00e9tel"}]},{"@type":"WebSite","@id":"https:\/\/stemeric.com\/#website","url":"https:\/\/stemeric.com\/","name":"St. Emeric Church","description":"Szent Imre R\u00f3mai Katolikus Magyar Egyh\u00e1zk\u00f6zs\u00e9g","publisher":{"@id":"https:\/\/stemeric.com\/#organization"},"potentialAction":[{"@type":"SearchAction","target":{"@type":"EntryPoint","urlTemplate":"https:\/\/stemeric.com\/?s={search_term_string}"},"query-input":{"@type":"PropertyValueSpecification","valueRequired":true,"valueName":"search_term_string"}}],"inLanguage":"hu"},{"@type":"Organization","@id":"https:\/\/stemeric.com\/#organization","name":"St. Emeric Church","url":"https:\/\/stemeric.com\/","logo":{"@type":"ImageObject","inLanguage":"hu","@id":"https:\/\/stemeric.com\/#\/schema\/logo\/image\/","url":"https:\/\/stemeric.com\/wp-content\/uploads\/2015\/11\/SzentImre4.png","contentUrl":"https:\/\/stemeric.com\/wp-content\/uploads\/2015\/11\/SzentImre4.png","width":800,"height":167,"caption":"St. Emeric Church"},"image":{"@id":"https:\/\/stemeric.com\/#\/schema\/logo\/image\/"},"sameAs":["https:\/\/www.facebook.com\/saintemeric"]}]}},"jetpack_sharing_enabled":true,"jetpack_shortlink":"https:\/\/wp.me\/PffxLh-8q","_links":{"self":[{"href":"https:\/\/stemeric.com\/hu\/wp-json\/wp\/v2\/pages\/522","targetHints":{"allow":["GET"]}}],"collection":[{"href":"https:\/\/stemeric.com\/hu\/wp-json\/wp\/v2\/pages"}],"about":[{"href":"https:\/\/stemeric.com\/hu\/wp-json\/wp\/v2\/types\/page"}],"author":[{"embeddable":true,"href":"https:\/\/stemeric.com\/hu\/wp-json\/wp\/v2\/users\/2"}],"replies":[{"embeddable":true,"href":"https:\/\/stemeric.com\/hu\/wp-json\/wp\/v2\/comments?post=522"}],"version-history":[{"count":0,"href":"https:\/\/stemeric.com\/hu\/wp-json\/wp\/v2\/pages\/522\/revisions"}],"wp:featuredmedia":[{"embeddable":true,"href":"https:\/\/stemeric.com\/hu\/wp-json\/wp\/v2\/media\/347"}],"wp:attachment":[{"href":"https:\/\/stemeric.com\/hu\/wp-json\/wp\/v2\/media?parent=522"}],"curies":[{"name":"wp","href":"https:\/\/api.w.org\/{rel}","templated":true}]}}